{"id":574,"date":"2016-05-27T14:42:29","date_gmt":"2016-05-27T14:42:29","guid":{"rendered":"http:\/\/www.forwardcomunicacion.com\/es\/?page_id=574"},"modified":"2019-12-13T13:45:58","modified_gmt":"2019-12-13T11:45:58","slug":"comunicacion","status":"publish","type":"page","link":"https:\/\/www.forwardcomunicacion.com\/es\/comunicacion\/","title":{"rendered":"COMUNICACI\u00d3N"},"content":{"rendered":"<div id=\"themify_builder_content-574\" data-postid=\"574\" class=\"themify_builder_content themify_builder_content-574 themify_builder themify_builder_front\">\n\n\t\n                <!-- module_row -->\n                <div data-gutter=\"gutter-default\" class=\"themify_builder_row themify_builder_574_row module_row module_row_0 clearfix gutter-default col_align_top fullcover\"                      data-equal-column-height=\"\"\n                     data-column-alignment=\"col_align_top\">\n\n            \n                    \n                    <div class=\"row_inner_wrapper\">\n                        <div class=\"row_inner\">\n\n            \n                            \n                                \n                                        <div class=\"col-full first tb-column  tb_574_column module_column_0 module_column\" >\n\n                    \n                                            \n                                            <div class=\"tb-column-inner\">\n\n                    \n                                                \n                                                    \n<!-- module text -->\n<div id=\"text-574-0-0-1\" class=\"module module-text text-574-0-0-1   wow fadeIn\">\n\t\n\t\n\t<h1>COMUNICACI\u00d3N<\/h1><p>______<\/p><p>En los \u00faltimos 10 a\u00f1os la comunicaci\u00f3n ha mutado y las estrategias tienen que considerar no solo los medios tradicionales sino los digitales y las redes sociales dentro del mismo proyecto.Trabajar en todos los soportes con un mismo objetivo<\/p><p>\u00a0<\/p>\n\t<\/div>\n<!-- \/module text -->\n\n    <!-- module box -->\n    <div id=\"box-574-0-0-2\" class=\"module module-box box-574-0-0-2 wow fadeIn\">\n        \n        \n        <div class=\"module-box-content ui   default  fullcover\">\n            <p><span class=\"shortcode themify-icon \"><i class=\"themify-icon-icon fa fa-newspaper-o\" style=\"color: #ffffff;\"><\/i><\/span>\u00a0Gabinete de prensa tradicional y online <span class=\"shortcode themify-icon \"><i class=\"themify-icon-icon fa fa-laptop\" style=\"color: #ffffff;\"><\/i><\/span>\u00a0Relaci\u00f3n con medios y bloggers<\/p><p><span class=\"shortcode themify-icon \"><i class=\"themify-icon-icon fa fa-random\" style=\"color: #ffffff;\"><\/i><\/span>\u00a0Estrategia digital-reputaci\u00f3n online\u00a0<span style=\"line-height: 1.5;\"><span class=\"shortcode themify-icon \"><i class=\"themify-icon-icon fa fa-users\" style=\"color: #ffffff;\"><\/i><\/span>\u00a0<\/span>Dinamizaci\u00f3n perfiles\/blogs<\/p><p><span class=\"shortcode themify-icon \"><i class=\"themify-icon-icon fa fa-building\" style=\"color: #ffffff;\"><\/i><\/span> Cultura corporativa <span class=\"shortcode themify-icon \"><i class=\"themify-icon-icon fa fa-fire-extinguisher\" style=\"color: #ffffff;\"><\/i><\/span> Gesti\u00f3n de crisis <span class=\"shortcode themify-icon \"><i class=\"themify-icon-icon fa fa-bullseye\" style=\"color: #ffffff;\"><\/i><\/span> RSC<\/p><h5>\u00a0<\/h5>        <\/div>\n\n            <\/div>\n    <!-- \/module box -->\n<style type=\"text\/css\">.themify_builder .box-574-0-0-2.module-box .module-box-content { background-color: #000000; background-color: rgba(0,0,0, 0.41); background-repeat: fullcover; color: #ffffff;  } \n.themify_builder .box-574-0-0-2.module-box { text-align: center;  } \n.themify_builder .box-574-0-0-2.module-box h1 { color: #ffffff;  } \n.themify_builder .box-574-0-0-2.module-box h2 { color: #ffffff;  } \n.themify_builder .box-574-0-0-2.module-box h3:not(.module-title) { color: #ffffff;  } \n.themify_builder .box-574-0-0-2.module-box h4 { color: #ffffff;  } \n.themify_builder .box-574-0-0-2.module-box h5 { color: #ffffff;  } \n.themify_builder .box-574-0-0-2.module-box h6 { color: #ffffff;  } \n<\/style>\n\n<!-- module text -->\n<div id=\"text-574-0-0-3\" class=\"module module-text text-574-0-0-3   wow fadeIn\">\n\t\n\t\n\t<h1>RELACIONES P\u00daBLICAS<\/h1><p>______<\/p><p>Las relaciones p\u00fablicas son el trabajo invisible de la comunicaci\u00f3n y lo que fortalece el v\u00ednculo entre p\u00fablico, medios y marcas. El trabajo constante de las relaciones p\u00fablicas es lo que consigue posicionar una marca en el top of mind del receptor de informaci\u00f3n<\/p>\n\t<\/div>\n<!-- \/module text --><style type=\"text\/css\">.themify_builder .text-574-0-0-3.module-text { font-family: Roboto; color: #ffffff; text-align: center;  } \n.themify_builder .text-574-0-0-3.module-text h1 { font-family: Roboto; color: #ffffff;  } \n.themify_builder .text-574-0-0-3.module-text h2 { font-family: Roboto; color: #ffffff;  } \n.themify_builder .text-574-0-0-3.module-text h3:not(.module-title) { font-family: Roboto; color: #ffffff;  } \n.themify_builder .text-574-0-0-3.module-text h4 { font-family: Roboto; color: #ffffff;  } \n.themify_builder .text-574-0-0-3.module-text h5 { font-family: Roboto; color: #ffffff;  } \n.themify_builder .text-574-0-0-3.module-text h6 { font-family: Roboto; color: #ffffff;  } \n<\/style>\n\n    <!-- module box -->\n    <div id=\"box-574-0-0-4\" class=\"module module-box box-574-0-0-4 wow fadeIn\">\n        \n        \n        <div class=\"module-box-content ui   default  \">\n            <p><span class=\"shortcode themify-icon \"><i class=\"themify-icon-icon fa fa-eye\" style=\"color: #ffffff;\"><\/i><\/span> Relaci\u00f3n con medios <span class=\"shortcode themify-icon \"><i class=\"themify-icon-icon fa fa-cube\" ><\/i><\/span>\u00a0Eventos B2B<\/p><p><span class=\"shortcode themify-icon \"><i class=\"themify-icon-icon fa fa-share-alt\" style=\"color: #ffffff;\"><\/i><\/span> Asesor\u00eda | Relaci\u00f3n con bloggers influencers | VIP<\/p><p><span class=\"shortcode themify-icon \"><i class=\"themify-icon-icon fa fa-bullhorn\" style=\"color: #ffffff;\"><\/i><\/span><i> Speaking opportunities <\/i>en eventos, conferencias, seminarios, congresos, ferias, mesas redondas, foros, tertulias de radio&#8230;<\/p>        <\/div>\n\n            <\/div>\n    <!-- \/module box -->\n<style type=\"text\/css\">.themify_builder .box-574-0-0-4.module-box .module-box-content { background-color: #000000; background-color: rgba(0,0,0, 0.53); color: #ffffff;  } \n.themify_builder .box-574-0-0-4.module-box { font-family: Roboto; text-align: center;  } \n.themify_builder .box-574-0-0-4.module-box h1 { font-family: Roboto; color: #ffffff;  } \n.themify_builder .box-574-0-0-4.module-box h2 { font-family: Roboto; color: #ffffff;  } \n.themify_builder .box-574-0-0-4.module-box h3:not(.module-title) { font-family: Roboto; color: #ffffff;  } \n.themify_builder .box-574-0-0-4.module-box h4 { font-family: Roboto; color: #ffffff;  } \n.themify_builder .box-574-0-0-4.module-box h5 { font-family: Roboto; color: #ffffff;  } \n.themify_builder .box-574-0-0-4.module-box h6 { font-family: Roboto; color: #ffffff;  } \n<\/style>\n\n                                                    <\/div>\n                                                    <!-- \/.tb-column-inner -->\n                                                                <\/div>\n                                            <!-- \/.tb-column -->\n                \n                                    \n                                    \n                                \n                            <\/div>\n                            <!-- \/row_inner -->\n                        <\/div>\n                        <!-- \/row_inner_wrapper -->\n                    <\/div>\n                    <!-- \/module_row -->\n            \n\n                <!-- module_row -->\n                <div data-gutter=\"gutter-default\" class=\"themify_builder_row themify_builder_574_row module_row module_row_1 clearfix gutter-default col_align_top fullcover\"                      data-equal-column-height=\"\"\n                     data-column-alignment=\"col_align_top\">\n\n            \n                    \n                    <div class=\"row_inner_wrapper\">\n                        <div class=\"row_inner\">\n\n            \n<!-- .themify_builder_574_row.module_row_1 Style -->\n<style type=\"text\/css\" >\n.themify_builder_574_row.module_row_1.module_row {\n\tbackground-color: #f6f6f6\n}\n<\/style>\n<!-- End .themify_builder_574_row.module_row_1 Style -->\n\n                            \n                                \n                                        <div class=\"col-full first tb-column  tb_574_column module_column_0 module_column\" >\n\n                    \n                                            \n                                            <div class=\"tb-column-inner\">\n\n                    \n                                                \n                                                    \n    <!-- module buttons -->\n    <div id=\"buttons-574-1-0-1\" class=\"module module-buttons buttons-574-1-0-1  \">\n\n        \n        \n        <div class=\"module-buttons large outline\">\n                            <div class=\"module-buttons-item\">\n                                            <a class=\"ui builder_button  black\"  href=\"http:\/\/www.forwardcomunicacion.com\/services\/\">\n                                                                    <span>ALL SERVICES<\/span>\n                                            <\/a>\n                                    <\/div>\n                    <\/div>\n\n        \n    <\/div>\n    <!-- \/module buttons -->\n<style type=\"text\/css\">.themify_builder .buttons-574-1-0-1 div.module-buttons { text-align: center; padding-top: 40px; padding-bottom: 40px;  } \n<\/style>\n\n                                                    <\/div>\n                                                    <!-- \/.tb-column-inner -->\n                                                                <\/div>\n                                            <!-- \/.tb-column -->\n                \n                                    \n                                    \n                                \n                            <\/div>\n                            <!-- \/row_inner -->\n                        <\/div>\n                        <!-- \/row_inner_wrapper -->\n                    <\/div>\n                    <!-- \/module_row -->\n            \n<\/div>\n<!-- \/themify_builder_content -->","protected":false},"excerpt":{"rendered":"<p>COMUNICACI\u00d3N______En los \u00faltimos 10 a\u00f1os la comunicaci\u00f3n ha mutado y las estrategias tienen que considerar no solo los medios tradicionales sino los digitales y las redes sociales dentro del mismo proyecto.Trabajar en todos los soportes con un mismo objetivo\u00a0<\/p>\n","protected":false},"author":1,"featured_media":0,"parent":0,"menu_order":0,"comment_status":"closed","ping_status":"closed","template":"","meta":{"footnotes":""},"class_list":["post-574","page","type-page","status-publish","hentry","no-post-title","has-post-date","has-post-category","has-post-tag","has-post-comment","has-post-author"],"_links":{"self":[{"href":"https:\/\/www.forwardcomunicacion.com\/es\/wp-json\/wp\/v2\/pages\/574","targetHints":{"allow":["GET"]}}],"collection":[{"href":"https:\/\/www.forwardcomunicacion.com\/es\/wp-json\/wp\/v2\/pages"}],"about":[{"href":"https:\/\/www.forwardcomunicacion.com\/es\/wp-json\/wp\/v2\/types\/page"}],"author":[{"embeddable":true,"href":"https:\/\/www.forwardcomunicacion.com\/es\/wp-json\/wp\/v2\/users\/1"}],"replies":[{"embeddable":true,"href":"https:\/\/www.forwardcomunicacion.com\/es\/wp-json\/wp\/v2\/comments?post=574"}],"version-history":[{"count":6,"href":"https:\/\/www.forwardcomunicacion.com\/es\/wp-json\/wp\/v2\/pages\/574\/revisions"}],"predecessor-version":[{"id":1159,"href":"https:\/\/www.forwardcomunicacion.com\/es\/wp-json\/wp\/v2\/pages\/574\/revisions\/1159"}],"wp:attachment":[{"href":"https:\/\/www.forwardcomunicacion.com\/es\/wp-json\/wp\/v2\/media?parent=574"}],"curies":[{"name":"wp","href":"https:\/\/api.w.org\/{rel}","templated":true}]}}