{"id":585,"date":"2016-05-27T14:55:16","date_gmt":"2016-05-27T14:55:16","guid":{"rendered":"http:\/\/www.forwardcomunicacion.com\/es\/?page_id=585"},"modified":"2019-12-13T14:08:06","modified_gmt":"2019-12-13T12:08:06","slug":"eventos","status":"publish","type":"page","link":"https:\/\/www.forwardcomunicacion.com\/es\/eventos\/","title":{"rendered":"EVENTOS"},"content":{"rendered":"<div id=\"themify_builder_content-585\" data-postid=\"585\" class=\"themify_builder_content themify_builder_content-585 themify_builder themify_builder_front\">\n\n\t\n                <!-- module_row -->\n                <div data-gutter=\"gutter-default\" class=\"themify_builder_row themify_builder_585_row module_row module_row_0 clearfix gutter-default col_align_top fullcover\"                      data-equal-column-height=\"\"\n                     data-column-alignment=\"col_align_top\">\n\n            \n                    \n                <div class=\"builder_row_cover\" style=\"background-color: rgba(0,0,0, 0.40)\" data-color=\"rgba(0,0,0, 0.40)\" ><\/div>\n\n            \n                    <div class=\"row_inner_wrapper\">\n                        <div class=\"row_inner\">\n\n            \n                            \n                                \n                                        <div class=\"col-full first tb-column  tb_585_column module_column_0 module_column\" >\n\n                    \n                                            \n                                            <div class=\"tb-column-inner\">\n\n                    \n                                                \n                                                    \n<!-- module text -->\n<div id=\"text-585-0-0-1\" class=\"module module-text text-585-0-0-1   wow fadeIn\">\n\t\n\t\n\t<h1>EVENTOS<\/h1><p>______<\/p><p>Desde la idea hasta la ejecuci\u00f3n. Forward cuenta con profesionales creativos y con una larga trayectoria en montajes sencillos o sofisticados. Cuidamos hasta el \u00faltimo detalle en la producci\u00f3n y consideramos siempre la presencia medi\u00e1tica. Impactar tanto al p\u00fablico presente como al no presente es siempre el objetivo final.<\/p>\n\t<\/div>\n<!-- \/module text -->\n\n    <!-- module box -->\n    <div id=\"box-585-0-0-2\" class=\"module module-box box-585-0-0-2 wow fadeIn\">\n        \n        \n        <div class=\"module-box-content ui   default  \">\n            <p><span class=\"shortcode themify-icon \"><i class=\"themify-icon-icon fa fa-industry\" style=\"color: #ffffff;\"><\/i><\/span> Producci\u00f3n: concepto y desarrollo <span class=\"shortcode themify-icon \"><i class=\"themify-icon-icon fa fa-barcode\" style=\"color: #ffffff;\"><\/i><\/span> Estrategia de comunicaci\u00f3n alrededor del evento<\/p><p><span class=\"shortcode themify-icon \"><i class=\"themify-icon-icon fa fa-gears\" style=\"color: #ffffff;\"><\/i><\/span> Eventos corporativos, experiencias, inauguraciones, street marketing <span class=\"shortcode themify-icon \"><i class=\"themify-icon-icon fa fa-send\" style=\"color: #ffffff;\"><\/i><\/span> Convocatoria de medios\/invitados <span class=\"shortcode themify-icon \"><i class=\"themify-icon-icon fa fa-magnet\" style=\"color: #ffffff;\"><\/i><\/span> Gesti\u00f3n de medios durante el evento<\/p>        <\/div>\n\n            <\/div>\n    <!-- \/module box -->\n<style type=\"text\/css\">.themify_builder .box-585-0-0-2.module-box .module-box-content { background-color: #000000; background-color: rgba(0,0,0, 0.53); color: #ffffff;  } \n.themify_builder .box-585-0-0-2.module-box { font-family: Roboto; text-align: center;  } \n.themify_builder .box-585-0-0-2.module-box h1 { font-family: Roboto; color: #ffffff;  } \n.themify_builder .box-585-0-0-2.module-box h2 { font-family: Roboto; color: #ffffff;  } \n.themify_builder .box-585-0-0-2.module-box h3:not(.module-title) { font-family: Roboto; color: #ffffff;  } \n.themify_builder .box-585-0-0-2.module-box h4 { font-family: Roboto; color: #ffffff;  } \n.themify_builder .box-585-0-0-2.module-box h5 { font-family: Roboto; color: #ffffff;  } \n.themify_builder .box-585-0-0-2.module-box h6 { font-family: Roboto; color: #ffffff;  } \n<\/style>\n\n                                                    <\/div>\n                                                    <!-- \/.tb-column-inner -->\n                                                                <\/div>\n                                            <!-- \/.tb-column -->\n                \n                                    \n                                    \n                                \n                            <\/div>\n                            <!-- \/row_inner -->\n                        <\/div>\n                        <!-- \/row_inner_wrapper -->\n                    <\/div>\n                    <!-- \/module_row -->\n            \n\n                <!-- module_row -->\n                <div data-gutter=\"gutter-default\" class=\"themify_builder_row themify_builder_585_row module_row module_row_1 clearfix gutter-default col_align_top\"                      data-equal-column-height=\"\"\n                     data-column-alignment=\"col_align_top\">\n\n            \n                    \n                    <div class=\"row_inner_wrapper\">\n                        <div class=\"row_inner\">\n\n            \n<!-- .themify_builder_585_row.module_row_1 Style -->\n<style type=\"text\/css\" >\n.themify_builder_585_row.module_row_1.module_row {\n\tbackground-color: #f6f6f6;\n\tpadding-top : 40px;\n\tpadding-bottom : 40px\n}\n<\/style>\n<!-- End .themify_builder_585_row.module_row_1 Style -->\n\n                            \n                                \n                                        <div class=\"col-full first tb-column  tb_585_column module_column_0 module_column\" >\n\n                    \n                                            \n                                            <div class=\"tb-column-inner\">\n\n                    \n                                                \n                                                    \n    <!-- module buttons -->\n    <div id=\"buttons-585-1-0-1\" class=\"module module-buttons buttons-585-1-0-1  wow fadeIn\">\n\n        \n        \n        <div class=\"module-buttons large outline\">\n                            <div class=\"module-buttons-item\">\n                                            <a class=\"ui builder_button  black\"  href=\"http:\/\/www.forwardcomunicacion.com\/services\/\">\n                                                                    <span>SERVICIOS<\/span>\n                                            <\/a>\n                                    <\/div>\n                    <\/div>\n\n        \n    <\/div>\n    <!-- \/module buttons -->\n<style type=\"text\/css\">.themify_builder .buttons-585-1-0-1 div.module-buttons { text-align: center;  } \n<\/style>\n\n                                                    <\/div>\n                                                    <!-- \/.tb-column-inner -->\n                                                                <\/div>\n                                            <!-- \/.tb-column -->\n                \n                                    \n                                    \n                                \n                            <\/div>\n                            <!-- \/row_inner -->\n                        <\/div>\n                        <!-- \/row_inner_wrapper -->\n                    <\/div>\n                    <!-- \/module_row -->\n            \n<\/div>\n<!-- \/themify_builder_content -->","protected":false},"excerpt":{"rendered":"<p>EVENTOS______Desde la idea hasta la ejecuci\u00f3n. Forward cuenta con profesionales creativos y con una larga trayectoria en montajes sencillos o sofisticados. Cuidamos hasta el \u00faltimo detalle en la producci\u00f3n y consideramos siempre la presencia medi\u00e1tica. Impactar tanto al p\u00fablico presente como al no presente es siempre el objetivo final.<\/p>\n","protected":false},"author":1,"featured_media":0,"parent":0,"menu_order":0,"comment_status":"closed","ping_status":"closed","template":"","meta":{"footnotes":""},"class_list":["post-585","page","type-page","status-publish","hentry","no-post-title","has-post-date","has-post-category","has-post-tag","has-post-comment","has-post-author"],"_links":{"self":[{"href":"https:\/\/www.forwardcomunicacion.com\/es\/wp-json\/wp\/v2\/pages\/585","targetHints":{"allow":["GET"]}}],"collection":[{"href":"https:\/\/www.forwardcomunicacion.com\/es\/wp-json\/wp\/v2\/pages"}],"about":[{"href":"https:\/\/www.forwardcomunicacion.com\/es\/wp-json\/wp\/v2\/types\/page"}],"author":[{"embeddable":true,"href":"https:\/\/www.forwardcomunicacion.com\/es\/wp-json\/wp\/v2\/users\/1"}],"replies":[{"embeddable":true,"href":"https:\/\/www.forwardcomunicacion.com\/es\/wp-json\/wp\/v2\/comments?post=585"}],"version-history":[{"count":9,"href":"https:\/\/www.forwardcomunicacion.com\/es\/wp-json\/wp\/v2\/pages\/585\/revisions"}],"predecessor-version":[{"id":1161,"href":"https:\/\/www.forwardcomunicacion.com\/es\/wp-json\/wp\/v2\/pages\/585\/revisions\/1161"}],"wp:attachment":[{"href":"https:\/\/www.forwardcomunicacion.com\/es\/wp-json\/wp\/v2\/media?parent=585"}],"curies":[{"name":"wp","href":"https:\/\/api.w.org\/{rel}","templated":true}]}}