{"id":706,"date":"2016-07-04T23:08:39","date_gmt":"2016-07-04T23:08:39","guid":{"rendered":"http:\/\/www.forwardcomunicacion.com\/es\/?page_id=706"},"modified":"2020-01-21T13:27:48","modified_gmt":"2020-01-21T11:27:48","slug":"equipo","status":"publish","type":"page","link":"https:\/\/www.forwardcomunicacion.com\/es\/equipo\/","title":{"rendered":"EQUIPO"},"content":{"rendered":"<div id=\"themify_builder_content-706\" data-postid=\"706\" class=\"themify_builder_content themify_builder_content-706 themify_builder themify_builder_front\">\n\n\t\n                <!-- module_row -->\n                <div data-gutter=\"gutter-default\" class=\"themify_builder_row themify_builder_706_row module_row module_row_0 clearfix gutter-default col_align_top fullcover\"                      data-equal-column-height=\"\"\n                     data-column-alignment=\"col_align_top\">\n\n            \n                    \n                    <div class=\"row_inner_wrapper\">\n                        <div class=\"row_inner\">\n\n            \n                            \n                                \n                                        <div class=\"col-full first tb-column empty-column tb_706_column module_column_0 module_column\" >\n\n                    \n                                            \n                                            <div class=\"tb-column-inner\">\n\n                    \n                                                \n                                                    &nbsp;\n                                                    <\/div>\n                                                    <!-- \/.tb-column-inner -->\n                                                                <\/div>\n                                            <!-- \/.tb-column -->\n                \n                                    \n                                    \n                                \n                            <\/div>\n                            <!-- \/row_inner -->\n                        <\/div>\n                        <!-- \/row_inner_wrapper -->\n                    <\/div>\n                    <!-- \/module_row -->\n            \n\n                <!-- module_row -->\n                <div data-gutter=\"gutter-default\" class=\"themify_builder_row themify_builder_706_row module_row module_row_1 clearfix gutter-default\"                      data-equal-column-height=\"\"\n                     data-column-alignment=\"\">\n\n            \n                    \n                    <div class=\"row_inner_wrapper\">\n                        <div class=\"row_inner\">\n\n            \n                            \n                                \n                                        <div class=\"col4-2 first tb-column  tb_706_column module_column_0 module_column\" >\n\n                    \n                                            \n                                            <div class=\"tb-column-inner\">\n\n                    \n                                                \n                                                    \n\t<!-- module image -->\n\t<div id=\"image-706-1-0-1\" class=\"module module-image image-706-1-0-1 circle image-center  wow fadeIn\">\n\n\t\t\n\t\t\n\t\t<div class=\"image-wrap\">\n\t\t\t\t\t\t\t<img decoding=\"async\" src=\"http:\/\/www.forwardcomunicacion.com\/wp-content\/uploads\/2016\/05\/Raquel-300x300.jpg\" alt=\"EQUIPO\" \/>\t\t\t\n\t\t\t\t\t\t<\/div>\n\t\t\t<!-- \/image-wrap -->\n\t\t\n\t\t\n\t\t\n\t\t<\/div>\n\t<!-- \/module image -->\n\n\n                                                    <\/div>\n                                                    <!-- \/.tb-column-inner -->\n                                                                <\/div>\n                                            <!-- \/.tb-column -->\n                \n                                        <div class=\"col4-2 last tb-column  tb_706_column module_column_1 module_column\" >\n\n                    \n                                            \n                                            <div class=\"tb-column-inner\">\n\n                    \n                                                \n                                                    \n<!-- module text -->\n<div id=\"text-706-1-1-1\" class=\"module module-text text-706-1-1-1   wow fadeIn\">\n\t\n\t\n\t<h1>Raquel Ramos<\/h1><p>______<\/p><h5><b>DIRECTOR<\/b><\/h5><p>Con 20 a\u00f1os de experiencia en comunicaci\u00f3n y periodismo, Raquel ha estado a cargo del lanzamiento e implementaci\u00f3n estrat\u00e9gica en Espa\u00f1a de marcas como MySpace y Zumba. Durante los \u00faltimos 7 a\u00f1os ha dirigido el equipo de comunicaci\u00f3n de VIACOM y ha coordinado campa\u00f1as para marcas de entretenimiento como EMI Music, SONY Music y Live Nation. Durante sus a\u00f1os como periodista cre\u00f3 y dirigi\u00f3 varios fomatos televisivos para MTV y Canal + en Londres y Madrid y fue colaboradora habitual de Rolling Stone y otras cabeceras entrevistando a m\u00e1s de 500 celebridades en el mundo.<\/p>\n\t<\/div>\n<!-- \/module text --><style type=\"text\/css\">.themify_builder .text-706-1-1-1.module-text { font-family: Roboto; color: #000000; text-align: center;  } \n.themify_builder .text-706-1-1-1.module-text h1 { font-family: Roboto; color: #000000;  } \n.themify_builder .text-706-1-1-1.module-text h2 { font-family: Roboto; color: #000000;  } \n.themify_builder .text-706-1-1-1.module-text h3:not(.module-title) { font-family: Roboto; color: #000000;  } \n.themify_builder .text-706-1-1-1.module-text h4 { font-family: Roboto; color: #000000;  } \n.themify_builder .text-706-1-1-1.module-text h5 { font-family: Roboto; color: #000000;  } \n.themify_builder .text-706-1-1-1.module-text h6 { font-family: Roboto; color: #000000;  } \n<\/style>\n\n                                                    <\/div>\n                                                    <!-- \/.tb-column-inner -->\n                                                                <\/div>\n                                            <!-- \/.tb-column -->\n                \n                                    \n                                    \n                                \n                            <\/div>\n                            <!-- \/row_inner -->\n                        <\/div>\n                        <!-- \/row_inner_wrapper -->\n                    <\/div>\n                    <!-- \/module_row -->\n            \n\n                <!-- module_row -->\n                <div data-gutter=\"gutter-default\" class=\"themify_builder_row themify_builder_706_row module_row module_row_2 clearfix gutter-default\"                      data-equal-column-height=\"\"\n                     data-column-alignment=\"\">\n\n            \n                    \n                    <div class=\"row_inner_wrapper\">\n                        <div class=\"row_inner\">\n\n            \n<!-- .themify_builder_706_row.module_row_2 Style -->\n<style type=\"text\/css\" >\n.themify_builder_706_row.module_row_2.module_row {\n\tbackground-color: #dedede;\n\tpadding-top : 40px\n}\n<\/style>\n<!-- End .themify_builder_706_row.module_row_2 Style -->\n\n                            \n                                \n                                        <div class=\"col4-2 first tb-column  tb_706_column module_column_0 module_column\" >\n\n                    \n                                            \n                                            <div class=\"tb-column-inner\">\n\n                    \n                                                \n                                                    \n<!-- module text -->\n<div id=\"text-706-2-0-1\" class=\"module module-text text-706-2-0-1   wow fadeIn\">\n\t\n\t\n\t<h1>Guillermo Cabrera<\/h1><p>______<\/p><h5><b>Head of Audiovisual Production<\/b><\/h5><p>Guillermo Cabrera dirige Freshwave Production Media, el partner audiovisual de Forward. Apasionado de la nueva tecnolog\u00eda y con una larga trayectoria internacional en producci\u00f3n televisiva, televisi\u00f3n deportiva, periodismo informativo y video corporativo. Tras trabajar por todo el mundo, se instala en Espa\u00f1a y funda su\u00a0propia compa\u00f1\u00eda que ofrece un amplio abanico de soluciones en producci\u00f3n medi\u00e1tica. Algunas compa\u00f1\u00edas que han probado estos servicios son BBC, CNN, Comit\u00e9 Ol\u00edmpico Internacional, Mercedes Benz,\u00a0 UEFA, IBM<\/p>\n\t<\/div>\n<!-- \/module text --><style type=\"text\/css\">.themify_builder .text-706-2-0-1.module-text { font-family: Roboto; color: #000000; text-align: center;  } \n.themify_builder .text-706-2-0-1.module-text h1 { font-family: Roboto; color: #000000;  } \n.themify_builder .text-706-2-0-1.module-text h2 { font-family: Roboto; color: #000000;  } \n.themify_builder .text-706-2-0-1.module-text h3:not(.module-title) { font-family: Roboto; color: #000000;  } \n.themify_builder .text-706-2-0-1.module-text h4 { font-family: Roboto; color: #000000;  } \n.themify_builder .text-706-2-0-1.module-text h5 { font-family: Roboto; color: #000000;  } \n.themify_builder .text-706-2-0-1.module-text h6 { font-family: Roboto; color: #000000;  } \n<\/style>\n\n                                                    <\/div>\n                                                    <!-- \/.tb-column-inner -->\n                                                                <\/div>\n                                            <!-- \/.tb-column -->\n                \n                                        <div class=\"col4-2 last tb-column  tb_706_column module_column_1 module_column\" >\n\n                    \n                                            \n                                            <div class=\"tb-column-inner\">\n\n                    \n                                                \n                                                    \n\t<!-- module image -->\n\t<div id=\"image-706-2-1-1\" class=\"module module-image image-706-2-1-1 circle image-center  wow fadeIn\">\n\n\t\t\n\t\t\n\t\t<div class=\"image-wrap\">\n\t\t\t\t\t\t\t<img loading=\"lazy\" decoding=\"async\" src=\"http:\/\/www.forwardcomunicacion.com\/wp-content\/uploads\/2016\/05\/Guillermo.jpg\" width=\"300\" height=\"300\" alt=\"EQUIPO\" \/>\t\t\t\n\t\t\t\t\t\t<\/div>\n\t\t\t<!-- \/image-wrap -->\n\t\t\n\t\t\n\t\t\n\t\t<\/div>\n\t<!-- \/module image -->\n<style type=\"text\/css\">.themify_builder .image-706-2-1-1.module-image .image-content { text-align: center;  } \n.themify_builder .image-706-2-1-1.module-image { padding-top: 40px;  } \n<\/style>\n\n                                                    <\/div>\n                                                    <!-- \/.tb-column-inner -->\n                                                                <\/div>\n                                            <!-- \/.tb-column -->\n                \n                                    \n                                    \n                                \n                            <\/div>\n                            <!-- \/row_inner -->\n                        <\/div>\n                        <!-- \/row_inner_wrapper -->\n                    <\/div>\n                    <!-- \/module_row -->\n            \n\n                <!-- module_row -->\n                <div data-gutter=\"gutter-default\" class=\"themify_builder_row themify_builder_706_row module_row module_row_3 clearfix gutter-default\"                      data-equal-column-height=\"\"\n                     data-column-alignment=\"\">\n\n            \n                    \n                    <div class=\"row_inner_wrapper\">\n                        <div class=\"row_inner\">\n\n            \n<!-- .themify_builder_706_row.module_row_3 Style -->\n<style type=\"text\/css\" >\n.themify_builder_706_row.module_row_3.module_row {\n\tbackground-color: #f6f6f6;\n\tpadding-top : 40px\n}\n<\/style>\n<!-- End .themify_builder_706_row.module_row_3 Style -->\n\n                            \n                                \n                                        <div class=\"col4-2 first tb-column  tb_706_column module_column_0 module_column\" >\n\n                    \n                                            \n                                            <div class=\"tb-column-inner\">\n\n                    \n                                                \n                                                    \n\t<!-- module image -->\n\t<div id=\"image-706-3-0-1\" class=\"module module-image image-706-3-0-1 circle image-center  wow fadeIn\">\n\n\t\t\n\t\t\n\t\t<div class=\"image-wrap\">\n\t\t\t\t\t\t\t<img loading=\"lazy\" decoding=\"async\" src=\"http:\/\/www.forwardcomunicacion.com\/wp-content\/uploads\/2019\/04\/perfil_indira-1.jpg\" width=\"300\" height=\"300\" alt=\"EQUIPO\" \/>\t\t\t\n\t\t\t\t\t\t<\/div>\n\t\t\t<!-- \/image-wrap -->\n\t\t\n\t\t\n\t\t\n\t\t<\/div>\n\t<!-- \/module image -->\n<style type=\"text\/css\">.themify_builder .image-706-3-0-1.module-image .image-content { text-align: center;  } \n.themify_builder .image-706-3-0-1.module-image { padding-top: 40px;  } \n<\/style>\n\n                                                    <\/div>\n                                                    <!-- \/.tb-column-inner -->\n                                                                <\/div>\n                                            <!-- \/.tb-column -->\n                \n                                        <div class=\"col4-2 last tb-column  tb_706_column module_column_1 module_column\" >\n\n                    \n                                            \n                                            <div class=\"tb-column-inner\">\n\n                    \n                                                \n                                                    \n<!-- module text -->\n<div id=\"text-706-3-1-1\" class=\"module module-text text-706-3-1-1   wow fadeIn\">\n\t\n\t\n\t<h1>Indira Bellido<\/h1><p>______<\/p><h5><b>Account Executive<\/b><\/h5><p>Es especialista en labores de relaciones p\u00fablicas para clientes del entorno de la cultura, el estilo de vida y el entretenimiento. Ha desarrollado acciones de comunicaci\u00f3n y gabinete de prensa para eventos multitudinarios relacionados con el mundo del entretenimiento como Bollywood Awards o la Gala de los Premios Iris de la Academia de la Televisi\u00f3n. En el sector del arte, ha colaborado en dos ediciones de Madrid Paper Week. Adem\u00e1s, tiene experiencia trabajando con clientes del \u00e1mbito musical, con artistas como Los Vivancos o la promotora de conciertos Heart of Gold. Durante estos a\u00f1os ha desarrollado su carrera en el plano period\u00edstico, colaborando con medios como la revista Dirigentes o Yo Dona, labor que continua en la actualidad.<\/p>\n\t<\/div>\n<!-- \/module text --><style type=\"text\/css\">.themify_builder .text-706-3-1-1.module-text { font-family: Roboto; color: #000000; text-align: center;  } \n.themify_builder .text-706-3-1-1.module-text h1 { font-family: Roboto; color: #000000;  } \n.themify_builder .text-706-3-1-1.module-text h2 { font-family: Roboto; color: #000000;  } \n.themify_builder .text-706-3-1-1.module-text h3:not(.module-title) { font-family: Roboto; color: #000000;  } \n.themify_builder .text-706-3-1-1.module-text h4 { font-family: Roboto; color: #000000;  } \n.themify_builder .text-706-3-1-1.module-text h5 { font-family: Roboto; color: #000000;  } \n.themify_builder .text-706-3-1-1.module-text h6 { font-family: Roboto; color: #000000;  } \n<\/style>\n\n                                                    <\/div>\n                                                    <!-- \/.tb-column-inner -->\n                                                                <\/div>\n                                            <!-- \/.tb-column -->\n                \n                                    \n                                    \n                                \n                            <\/div>\n                            <!-- \/row_inner -->\n                        <\/div>\n                        <!-- \/row_inner_wrapper -->\n                    <\/div>\n                    <!-- \/module_row -->\n            \n\n                <!-- module_row -->\n                <div data-gutter=\"gutter-default\" class=\"themify_builder_row themify_builder_706_row module_row module_row_4 clearfix gutter-default\"                      data-equal-column-height=\"\"\n                     data-column-alignment=\"\">\n\n            \n                    \n                    <div class=\"row_inner_wrapper\">\n                        <div class=\"row_inner\">\n\n            \n<!-- .themify_builder_706_row.module_row_4 Style -->\n<style type=\"text\/css\" >\n.themify_builder_706_row.module_row_4.module_row {\n\tbackground-color: #dedede;\n\tpadding-top : 40px\n}\n<\/style>\n<!-- End .themify_builder_706_row.module_row_4 Style -->\n\n                            \n                                \n                                        <div class=\"col4-2 first tb-column  tb_706_column module_column_0 module_column\" >\n\n                    \n                                            \n                                            <div class=\"tb-column-inner\">\n\n                    \n                                                \n                                                    \n<!-- module text -->\n<div id=\"text-706-4-0-1\" class=\"module module-text text-706-4-0-1   wow fadeIn\">\n\t\n\t\n\t<h1>Roberto Estrella<\/h1><p>______<\/p><h5><b>SEO and Digital Media Specialist<\/b><\/h5><p>Aunque estudi\u00f3 Dise\u00f1o Industrial en la Universidad de Santiago de Chile, su carrera se ha construido sobre Social Media, reputaci\u00f3n online y publicidad para compa\u00f1\u00edas y asociaciones. Ha desarrollado sus habilidades en Alemania y Espa\u00f1a durante los \u00faltimos 15 a\u00f1os trabajando en campa\u00f1as de marketing para diversos proyectos de comunicaci\u00f3n. \u201cMi background en dise\u00f1o junto con mi experiencia en distintos pa\u00edses y proyectos me posicionan en un lugar donde se encuentran las necesidades de negocio, social networking e imagen. La comunicaci\u00f3n es todo y la presencia y donde estar online, la clave\u201d.<\/p>\n\t<\/div>\n<!-- \/module text --><style type=\"text\/css\">.themify_builder .text-706-4-0-1.module-text { font-family: Roboto; color: #000000; text-align: center;  } \n.themify_builder .text-706-4-0-1.module-text h1 { font-family: Roboto; color: #000000;  } \n.themify_builder .text-706-4-0-1.module-text h2 { font-family: Roboto; color: #000000;  } \n.themify_builder .text-706-4-0-1.module-text h3:not(.module-title) { font-family: Roboto; color: #000000;  } \n.themify_builder .text-706-4-0-1.module-text h4 { font-family: Roboto; color: #000000;  } \n.themify_builder .text-706-4-0-1.module-text h5 { font-family: Roboto; color: #000000;  } \n.themify_builder .text-706-4-0-1.module-text h6 { font-family: Roboto; color: #000000;  } \n<\/style>\n\n                                                    <\/div>\n                                                    <!-- \/.tb-column-inner -->\n                                                                <\/div>\n                                            <!-- \/.tb-column -->\n                \n                                        <div class=\"col4-2 last tb-column  tb_706_column module_column_1 module_column\" >\n\n                    \n                                            \n                                            <div class=\"tb-column-inner\">\n\n                    \n                                                \n                                                    \n\t<!-- module image -->\n\t<div id=\"image-706-4-1-1\" class=\"module module-image image-706-4-1-1 circle image-center  wow fadeIn\">\n\n\t\t\n\t\t\n\t\t<div class=\"image-wrap\">\n\t\t\t\t\t\t\t<img loading=\"lazy\" decoding=\"async\" src=\"http:\/\/www.forwardcomunicacion.com\/wp-content\/uploads\/2016\/05\/Roberto.jpg\" width=\"300\" height=\"300\" alt=\"EQUIPO\" \/>\t\t\t\n\t\t\t\t\t\t<\/div>\n\t\t\t<!-- \/image-wrap -->\n\t\t\n\t\t\n\t\t\n\t\t<\/div>\n\t<!-- \/module image -->\n<style type=\"text\/css\">.themify_builder .image-706-4-1-1.module-image { padding-top: 40px;  } \n<\/style>\n\n                                                    <\/div>\n                                                    <!-- \/.tb-column-inner -->\n                                                                <\/div>\n                                            <!-- \/.tb-column -->\n                \n                                    \n                                    \n                                \n                            <\/div>\n                            <!-- \/row_inner -->\n                        <\/div>\n                        <!-- \/row_inner_wrapper -->\n                    <\/div>\n                    <!-- \/module_row -->\n            \n<\/div>\n<!-- \/themify_builder_content -->","protected":false},"excerpt":{"rendered":"<p>Raquel Ramos______DIRECTORCon 20 a\u00f1os de experiencia en comunicaci\u00f3n y periodismo, Raquel ha estado a cargo del lanzamiento e implementaci\u00f3n estrat\u00e9gica en Espa\u00f1a de marcas como MySpace y Zumba. Durante los \u00faltimos 7 a\u00f1os ha dirigido el equipo de comunicaci\u00f3n de VIACOM y ha coordinado campa\u00f1as para marcas de entretenimiento como EMI Music, SONY Music y [&hellip;]<\/p>\n","protected":false},"author":1,"featured_media":0,"parent":0,"menu_order":0,"comment_status":"closed","ping_status":"closed","template":"","meta":{"footnotes":""},"class_list":["post-706","page","type-page","status-publish","hentry","no-post-title","has-post-date","has-post-category","has-post-tag","has-post-comment","has-post-author"],"_links":{"self":[{"href":"https:\/\/www.forwardcomunicacion.com\/es\/wp-json\/wp\/v2\/pages\/706","targetHints":{"allow":["GET"]}}],"collection":[{"href":"https:\/\/www.forwardcomunicacion.com\/es\/wp-json\/wp\/v2\/pages"}],"about":[{"href":"https:\/\/www.forwardcomunicacion.com\/es\/wp-json\/wp\/v2\/types\/page"}],"author":[{"embeddable":true,"href":"https:\/\/www.forwardcomunicacion.com\/es\/wp-json\/wp\/v2\/users\/1"}],"replies":[{"embeddable":true,"href":"https:\/\/www.forwardcomunicacion.com\/es\/wp-json\/wp\/v2\/comments?post=706"}],"version-history":[{"count":10,"href":"https:\/\/www.forwardcomunicacion.com\/es\/wp-json\/wp\/v2\/pages\/706\/revisions"}],"predecessor-version":[{"id":1160,"href":"https:\/\/www.forwardcomunicacion.com\/es\/wp-json\/wp\/v2\/pages\/706\/revisions\/1160"}],"wp:attachment":[{"href":"https:\/\/www.forwardcomunicacion.com\/es\/wp-json\/wp\/v2\/media?parent=706"}],"curies":[{"name":"wp","href":"https:\/\/api.w.org\/{rel}","templated":true}]}}