{"id":826,"date":"2018-05-28T11:22:35","date_gmt":"2018-05-28T11:22:35","guid":{"rendered":"http:\/\/www.forwardcomunicacion.com\/es\/?page_id=826"},"modified":"2019-12-16T13:22:27","modified_gmt":"2019-12-16T11:22:27","slug":"politica-privacidad","status":"publish","type":"page","link":"https:\/\/www.forwardcomunicacion.com\/es\/politica-privacidad\/","title":{"rendered":"POL\u00cdTICA DE PRIVACIDAD"},"content":{"rendered":"<div id=\"themify_builder_content-826\" data-postid=\"826\" class=\"themify_builder_content themify_builder_content-826 themify_builder themify_builder_front\">\n\n\t\n                <!-- module_row -->\n                <div data-gutter=\"gutter-default\" class=\"themify_builder_row themify_builder_826_row module_row module_row_0 clearfix gutter-default col_align_top\"                      data-equal-column-height=\"\"\n                     data-column-alignment=\"col_align_top\">\n\n            \n                    \n                    <div class=\"row_inner_wrapper\">\n                        <div class=\"row_inner\">\n\n            \n                            \n                                \n                                        <div class=\"col-full first tb-column  tb_826_column module_column_0 module_column\" >\n\n                    \n                                            \n                                            <div class=\"tb-column-inner\">\n\n                    \n                                                \n                                                    \n<!-- module text -->\n<div id=\"text-826-0-0-1\" class=\"module module-text text-826-0-0-1   \">\n\t\n\t\n\t<h1 style=\"text-align: center;\">POL\u00cdTICA DE PRIVACIDAD<\/h1><p>\u00a0<\/p><p>La presente pol\u00edtica de privacidad est\u00e1 actualizada conforme a lo dispuesto en el Reglamento General de Protecci\u00f3n de Datos y a las indicaciones ofrecidas por la Agencia Espa\u00f1ola de Protecci\u00f3n de Datos.<\/p><p><strong>\u00bfQui\u00e9n es el responsable del tratamiento de sus datos?<\/strong><\/p><p>\u2022 Denominaci\u00f3n social: Raquel Ramos Garc\u00eda,\u00a0propietaria de la marca registrada\u00a0FORWARD COMUNICACI\u00d3N<br \/> \u2022 N.I.F. n\u00ba: 10090173G<br \/> \u2022 Domicilio social: Av. Pe\u00f1ascales 34, 28250 Torrelodones (Madrid)<br \/> \u2022 Correo electr\u00f3nico: raquel@forwardcomunicacion.com<br \/> \u2022 Tel\u00e9fono: (+34) 630 110 257<\/p><p>Puede contactar con FORWARD COMUNICACI\u00d3N\u00a0a trav\u00e9s de los datos de contacto facilitados en este apartado para cualquier aspecto relacionado con esta pol\u00edtica de privacidad.<\/p><p><br \/> <strong>\u00bfCon qu\u00e9 finalidad tratamos sus datos personales?<\/strong><\/p><p>En FORWARD COMUNICACI\u00d3N tratamos la informaci\u00f3n que nos facilitan las personas interesadas con el fin de:<\/p><p>\u2022 Gestionar las solicitudes de informaci\u00f3n o cualquier otro tipo de consulta.<br \/> \u2022 Enviar newsletters o comunicaciones\u00a0 de su inter\u00e9s.<br \/> \u2022 Administrar, prestar y mejorar nuestros servicios.<br \/> \u2022 Mantener la relaci\u00f3n contractual, en caso de contrataci\u00f3n de los servicios ofrecidos en esta p\u00e1gina web.<\/p><p>FORWARD COMUNICACI\u00d3N\u00a0conservar\u00e1 los datos personales que nos proporcione mientras no solicite su supresi\u00f3n, o en tanto se mantenga la relaci\u00f3n contractual. Dichos datos personales se conservar\u00e1n respetado los plazos legales establecidos.<\/p><p>FORWARD COMUNICACI\u00d3N no tomar\u00e1 decisiones automatizadas o l\u00f3gica aplicada a sus datos.<br \/> \u00bfCu\u00e1l es la legitimaci\u00f3n para el tratamiento de sus datos?<\/p><p>Si no recibimos ning\u00fan email informando de su desacuerdo para seguir recibiendo informaci\u00f3n de FORWARD COMUNICACI\u00d3N, entendemos que acepta esta pol\u00edtica de privacidad y seguir formando parte de nuestras bases de datos.<\/p><p><strong>\u00bfA qu\u00e9 destinatarios se comunicar\u00e1n los datos?<\/strong><\/p><p>No se ceder\u00e1n datos personales a terceros ajenos a FORWARD COMUNICACI\u00d3N, salvo obligaci\u00f3n legal. Si resultara necesario hacerlo, le ofrecer\u00edamos toda la informaci\u00f3n que corresponda con car\u00e1cter previo, solicitando posteriormente su consentimiento expreso.<br \/> \u00bfCu\u00e1les son sus derechos cuando nos facilita sus datos?<\/p><p>Conforme al Reglamento General de Protecci\u00f3n de Datos, est\u00e1 facultado para ejercer los derechos que se detallan a continuaci\u00f3n:<\/p><p>\u2022 Derecho a solicitar el acceso a sus datos personales.<br \/> \u2022 Derecho a solicitar su rectificaci\u00f3n o supresi\u00f3n.<br \/> \u2022 Derecho a solicitar la limitaci\u00f3n de su tratamiento.<br \/> \u2022 Derecho a oponerse al tratamiento de sus datos.<br \/> \u2022 Derecho a la portabilidad de los datos a otras empresas.<br \/> \u2022 Derecho a retirar el consentimiento prestado.<\/p><p>El titular de los datos podr\u00e1 ejercer cualquiera de los derechos enumerados en este apartado remitiendo una comunicaci\u00f3n escrita y firmada, junto con una copia del documento nacional de identidad, a la direcci\u00f3n de correo electr\u00f3nico raquel@forwardcomunicacion.com<\/p><p>En caso de que sienta que han sido vulnerados sus derechos en relaci\u00f3n a la protecci\u00f3n de sus datos personales, puede presentar una reclamaci\u00f3n ante la Agencia Espa\u00f1ola de Protecci\u00f3n de Datos, a trav\u00e9s de la sede electr\u00f3nica de su sitio web: www.agpd.es<br \/> \u00bfC\u00f3mo puede contactar con FORWARD COMUNICACI\u00d3N?<\/p><p>Si quiere hacernos llegar cualquier duda, comentario o sugerencia sobre la presente pol\u00edtica de privacidad, puede hacerlo enviando un correo electr\u00f3nico a raquel@forwardcomunicacion.com con el asunto: \u201cProtecci\u00f3n de Datos\u201d. Responderemos siempre a la mayor brevedad, ya que para nosotros es una prioridad absoluta cualquier asunto relacionado con el cuidado y la protecci\u00f3n de sus datos personales.<\/p><p>FORWARD COMUNICACI\u00d3N <em>se reserva el derecho a modificar la presente pol\u00edtica de privacidad, siempre que sea necesario, para adaptarse a la normativa vigente. Por ello le recomendamos consultarla peri\u00f3dicamente, ya que la misma puede sufrir modificaciones.<\/em><\/p>\n\t<\/div>\n<!-- \/module text -->\n\n                                                    <\/div>\n                                                    <!-- \/.tb-column-inner -->\n                                                                <\/div>\n                                            <!-- \/.tb-column -->\n                \n                                    \n                                    \n                                \n                            <\/div>\n                            <!-- \/row_inner -->\n                        <\/div>\n                        <!-- \/row_inner_wrapper -->\n                    <\/div>\n                    <!-- \/module_row -->\n            \n<\/div>\n<!-- \/themify_builder_content -->","protected":false},"excerpt":{"rendered":"<p>POL\u00cdTICA DE PRIVACIDAD\u00a0La presente pol\u00edtica de privacidad est\u00e1 actualizada conforme a lo dispuesto en el Reglamento General de Protecci\u00f3n de Datos y a las indicaciones ofrecidas por la Agencia Espa\u00f1ola de Protecci\u00f3n de Datos.\u00bfQui\u00e9n es el responsable del tratamiento de sus datos?\u2022 Denominaci\u00f3n social: Raquel Ramos Garc\u00eda,\u00a0propietaria de la marca registrada\u00a0FORWARD COMUNICACI\u00d3N \u2022 N.I.F. n\u00ba: [&hellip;]<\/p>\n","protected":false},"author":1,"featured_media":0,"parent":0,"menu_order":0,"comment_status":"closed","ping_status":"closed","template":"","meta":{"footnotes":""},"class_list":["post-826","page","type-page","status-publish","hentry","no-post-title","has-post-date","has-post-category","has-post-tag","has-post-comment","has-post-author"],"_links":{"self":[{"href":"https:\/\/www.forwardcomunicacion.com\/es\/wp-json\/wp\/v2\/pages\/826","targetHints":{"allow":["GET"]}}],"collection":[{"href":"https:\/\/www.forwardcomunicacion.com\/es\/wp-json\/wp\/v2\/pages"}],"about":[{"href":"https:\/\/www.forwardcomunicacion.com\/es\/wp-json\/wp\/v2\/types\/page"}],"author":[{"embeddable":true,"href":"https:\/\/www.forwardcomunicacion.com\/es\/wp-json\/wp\/v2\/users\/1"}],"replies":[{"embeddable":true,"href":"https:\/\/www.forwardcomunicacion.com\/es\/wp-json\/wp\/v2\/comments?post=826"}],"version-history":[{"count":4,"href":"https:\/\/www.forwardcomunicacion.com\/es\/wp-json\/wp\/v2\/pages\/826\/revisions"}],"predecessor-version":[{"id":1177,"href":"https:\/\/www.forwardcomunicacion.com\/es\/wp-json\/wp\/v2\/pages\/826\/revisions\/1177"}],"wp:attachment":[{"href":"https:\/\/www.forwardcomunicacion.com\/es\/wp-json\/wp\/v2\/media?parent=826"}],"curies":[{"name":"wp","href":"https:\/\/api.w.org\/{rel}","templated":true}]}}